{"id":146,"date":"2017-02-26T23:39:10","date_gmt":"2017-02-26T22:39:10","guid":{"rendered":"http:\/\/www.artisan-petriccioli.fr\/?page_id=146"},"modified":"2025-03-03T15:27:50","modified_gmt":"2025-03-03T14:27:50","slug":"pose-de-velux-marseille","status":"publish","type":"page","link":"https:\/\/www.artisan-petriccioli.fr\/artisan-couvreur-marseille\/pose-de-velux-marseille\/","title":{"rendered":"POSE DE VELUX"},"content":{"rendered":"<div id='full_slider_1'  class='avia-fullwidth-slider main_color avia-shadow   avia-builder-el-0  el_before_av_one_full  avia-builder-el-first   container_wrap sidebar_right'  >\n<style type=\"text\/css\" data-created_by=\"avia_inline_auto\" id=\"style-css-av-1lu5oa-49edb04a1acfaa9ae1ff7509c1c4b303\">\n#top #wrap_all .avia-slideshow .av-slideshow-caption.av-1lu5oa-49edb04a1acfaa9ae1ff7509c1c4b303__0 .avia-caption-title{\nfont-size:55px;\n}\n#top .avia-slideshow .av-slideshow-caption.av-1lu5oa-49edb04a1acfaa9ae1ff7509c1c4b303__0 .avia-caption-content{\nfont-size:35px;\n}\n#top .avia-slideshow .av-slideshow-caption.av-1lu5oa-49edb04a1acfaa9ae1ff7509c1c4b303__0 .avia-caption-content p{\nfont-size:35px;\n}\n<\/style>\n<div  class='avia-slideshow av-1lu5oa-49edb04a1acfaa9ae1ff7509c1c4b303 avia-slideshow-featured av_slideshow_full avia-slide-slider av-slideshow-ui av-control-default av-slideshow-manual av-loop-once av-loop-manual-endless av-default-height-applied   avia-slideshow-1' data-slideshow-options=\"{&quot;animation&quot;:&quot;slide&quot;,&quot;autoplay&quot;:false,&quot;loop_autoplay&quot;:&quot;once&quot;,&quot;interval&quot;:5,&quot;loop_manual&quot;:&quot;manual-endless&quot;,&quot;autoplay_stopper&quot;:false,&quot;noNavigation&quot;:false,&quot;bg_slider&quot;:false,&quot;keep_padding&quot;:false,&quot;hoverpause&quot;:false,&quot;show_slide_delay&quot;:0}\"  itemprop=\"image\" itemscope=\"itemscope\" itemtype=\"https:\/\/schema.org\/ImageObject\" ><ul class='avia-slideshow-inner ' style='padding-bottom: 30.133146461107%;'><li  class='avia-slideshow-slide av-1lu5oa-49edb04a1acfaa9ae1ff7509c1c4b303__0  av-single-slide slide-1 slide-odd'><div data-rel='slideshow-1' class='avia-slide-wrap '   ><div class='av-slideshow-caption av-1lu5oa-49edb04a1acfaa9ae1ff7509c1c4b303__0 caption_fullwidth caption_center'><div class=\"container caption_container\"><div class=\"slideshow_caption\"><div class=\"slideshow_inner_caption\"><div class=\"slideshow_align_caption\"><h2 class='avia-caption-title '  itemprop=\"name\" >Pose de velux<\/h2><div class='avia-caption-content '  itemprop=\"description\" ><p>Pose de velux Marseille Faites rentrer la lumi\u00e8re dans votre maison<\/p>\n<\/div><\/div><\/div><\/div><\/div><\/div><img decoding=\"async\" fetchpriority=\"high\" class=\"wp-image-205 avia-img-lazy-loading-not-205\"  src=\"https:\/\/www.artisan-petriccioli.fr\/wp-content\/uploads\/2017\/02\/La-pose-dun-velux-1427x430.jpg\" width=\"1427\" height=\"430\" title='Operaio su un tetto' alt=''  itemprop=\"thumbnailUrl\"   \/><div class='av-section-color-overlay' style='opacity: 0.5; background-color: #020202; '><\/div><\/div><\/li><\/ul><\/div><\/div><div id='after_full_slider_1'  class='main_color av_default_container_wrap container_wrap sidebar_right'  ><div class='container av-section-cont-open' ><div class='template-page content  av-content-small alpha units'><div class='post-entry post-entry-type-page post-entry-146'><div class='entry-content-wrapper clearfix'>\n<div  class='flex_column av-am0fe-3b653eec9a07a8ede09ef7655e6fdee7 av_one_full  avia-builder-el-1  el_after_av_slideshow_full  el_before_av_hr  avia-builder-el-first  first flex_column_div  '     ><div id='av-masonry-1' class='av-masonry av-leok08i6-3640332f3f9d7e8f459f9975d4d37e5f noHover av-fixed-size av-large-gap av-hover-overlay-active av-masonry-animation-active av-masonry-col-4 av-caption-always av-caption-style- av-masonry-gallery av-orientation-square ' data-post_id=\"146\"><div class=\"av-masonry-container isotope av-js-disabled\"><div class='av-masonry-entry isotope-item av-masonry-item-no-image '><\/div><a href=\"https:\/\/www.artisan-petriccioli.fr\/wp-content\/uploads\/2023\/02\/20230120_125025-487x1030.jpg\" data-srcset=\"https:\/\/www.artisan-petriccioli.fr\/wp-content\/uploads\/2023\/02\/20230120_125025-487x1030.jpg 487w, https:\/\/www.artisan-petriccioli.fr\/wp-content\/uploads\/2023\/02\/20230120_125025-142x300.jpg 142w, https:\/\/www.artisan-petriccioli.fr\/wp-content\/uploads\/2023\/02\/20230120_125025-768x1623.jpg 768w, https:\/\/www.artisan-petriccioli.fr\/wp-content\/uploads\/2023\/02\/20230120_125025-727x1536.jpg 727w, https:\/\/www.artisan-petriccioli.fr\/wp-content\/uploads\/2023\/02\/20230120_125025-969x2048.jpg 969w, https:\/\/www.artisan-petriccioli.fr\/wp-content\/uploads\/2023\/02\/20230120_125025-710x1500.jpg 710w, https:\/\/www.artisan-petriccioli.fr\/wp-content\/uploads\/2023\/02\/20230120_125025-334x705.jpg 334w, https:\/\/www.artisan-petriccioli.fr\/wp-content\/uploads\/2023\/02\/20230120_125025-scaled.jpg 1211w\" data-sizes=\"(max-width: 487px) 100vw, 487px\"  aria-label=\"image 20230120_125025\"  id='av-masonry-1-item-771' data-av-masonry-item='771' class='av-masonry-entry isotope-item post-771 attachment type-attachment status-inherit hentry  av-masonry-item-with-image' title=\"20230120_125025\" alt=\"\"    itemprop=\"thumbnailUrl\" ><div class='av-inner-masonry-sizer'><\/div><figure class='av-inner-masonry main_color'><div class=\"av-masonry-outerimage-container\"><div class='av-masonry-image-container' style=\"background-image: url(https:\/\/www.artisan-petriccioli.fr\/wp-content\/uploads\/2023\/02\/20230120_125025-334x705.jpg);\"  title=\"20230120_125025\" ><\/div><\/div><\/figure><\/a><!--end av-masonry entry--><a href=\"https:\/\/www.artisan-petriccioli.fr\/wp-content\/uploads\/2023\/02\/20220915_105852-1030x487.jpg\" data-srcset=\"https:\/\/www.artisan-petriccioli.fr\/wp-content\/uploads\/2023\/02\/20220915_105852-1030x487.jpg 1030w, https:\/\/www.artisan-petriccioli.fr\/wp-content\/uploads\/2023\/02\/20220915_105852-300x142.jpg 300w, https:\/\/www.artisan-petriccioli.fr\/wp-content\/uploads\/2023\/02\/20220915_105852-768x363.jpg 768w, https:\/\/www.artisan-petriccioli.fr\/wp-content\/uploads\/2023\/02\/20220915_105852-1536x727.jpg 1536w, https:\/\/www.artisan-petriccioli.fr\/wp-content\/uploads\/2023\/02\/20220915_105852-2048x969.jpg 2048w, https:\/\/www.artisan-petriccioli.fr\/wp-content\/uploads\/2023\/02\/20220915_105852-1500x710.jpg 1500w, https:\/\/www.artisan-petriccioli.fr\/wp-content\/uploads\/2023\/02\/20220915_105852-705x334.jpg 705w\" data-sizes=\"(max-width: 1030px) 100vw, 1030px\"  aria-label=\"image 20220915_105852\"  id='av-masonry-1-item-770' data-av-masonry-item='770' class='av-masonry-entry isotope-item post-770 attachment type-attachment status-inherit hentry  av-masonry-item-with-image' title=\"20220915_105852\" alt=\"\"    itemprop=\"thumbnailUrl\" ><div class='av-inner-masonry-sizer'><\/div><figure class='av-inner-masonry main_color'><div class=\"av-masonry-outerimage-container\"><div class='av-masonry-image-container' style=\"background-image: url(https:\/\/www.artisan-petriccioli.fr\/wp-content\/uploads\/2023\/02\/20220915_105852-705x334.jpg);\"  title=\"20220915_105852\" ><\/div><\/div><\/figure><\/a><!--end av-masonry entry--><a href=\"https:\/\/www.artisan-petriccioli.fr\/wp-content\/uploads\/2023\/02\/20230127_135534-487x1030.jpg\" data-srcset=\"https:\/\/www.artisan-petriccioli.fr\/wp-content\/uploads\/2023\/02\/20230127_135534-487x1030.jpg 487w, https:\/\/www.artisan-petriccioli.fr\/wp-content\/uploads\/2023\/02\/20230127_135534-142x300.jpg 142w, https:\/\/www.artisan-petriccioli.fr\/wp-content\/uploads\/2023\/02\/20230127_135534-768x1623.jpg 768w, https:\/\/www.artisan-petriccioli.fr\/wp-content\/uploads\/2023\/02\/20230127_135534-727x1536.jpg 727w, https:\/\/www.artisan-petriccioli.fr\/wp-content\/uploads\/2023\/02\/20230127_135534-969x2048.jpg 969w, https:\/\/www.artisan-petriccioli.fr\/wp-content\/uploads\/2023\/02\/20230127_135534-710x1500.jpg 710w, https:\/\/www.artisan-petriccioli.fr\/wp-content\/uploads\/2023\/02\/20230127_135534-334x705.jpg 334w, https:\/\/www.artisan-petriccioli.fr\/wp-content\/uploads\/2023\/02\/20230127_135534-scaled.jpg 1211w\" data-sizes=\"(max-width: 487px) 100vw, 487px\"  aria-label=\"image 20230127_135534\"  id='av-masonry-1-item-769' data-av-masonry-item='769' class='av-masonry-entry isotope-item post-769 attachment type-attachment status-inherit hentry  av-masonry-item-with-image' title=\"20230127_135534\" alt=\"\"    itemprop=\"thumbnailUrl\" ><div class='av-inner-masonry-sizer'><\/div><figure class='av-inner-masonry main_color'><div class=\"av-masonry-outerimage-container\"><div class='av-masonry-image-container' style=\"background-image: url(https:\/\/www.artisan-petriccioli.fr\/wp-content\/uploads\/2023\/02\/20230127_135534-334x705.jpg);\"  title=\"20230127_135534\" ><\/div><\/div><\/figure><\/a><!--end av-masonry entry--><a href=\"https:\/\/www.artisan-petriccioli.fr\/wp-content\/uploads\/2023\/02\/20220915_140238-1030x488.jpg\" data-srcset=\"https:\/\/www.artisan-petriccioli.fr\/wp-content\/uploads\/2023\/02\/20220915_140238-1030x488.jpg 1030w, https:\/\/www.artisan-petriccioli.fr\/wp-content\/uploads\/2023\/02\/20220915_140238-300x142.jpg 300w, https:\/\/www.artisan-petriccioli.fr\/wp-content\/uploads\/2023\/02\/20220915_140238-768x364.jpg 768w, https:\/\/www.artisan-petriccioli.fr\/wp-content\/uploads\/2023\/02\/20220915_140238-1536x728.jpg 1536w, https:\/\/www.artisan-petriccioli.fr\/wp-content\/uploads\/2023\/02\/20220915_140238-2048x971.jpg 2048w, https:\/\/www.artisan-petriccioli.fr\/wp-content\/uploads\/2023\/02\/20220915_140238-1500x711.jpg 1500w, https:\/\/www.artisan-petriccioli.fr\/wp-content\/uploads\/2023\/02\/20220915_140238-705x334.jpg 705w\" data-sizes=\"(max-width: 1030px) 100vw, 1030px\"  aria-label=\"image 20220915_140238\"  id='av-masonry-1-item-768' data-av-masonry-item='768' class='av-masonry-entry isotope-item post-768 attachment type-attachment status-inherit hentry  av-masonry-item-with-image' title=\"20220915_140238\" alt=\"\"    itemprop=\"thumbnailUrl\" ><div class='av-inner-masonry-sizer'><\/div><figure class='av-inner-masonry main_color'><div class=\"av-masonry-outerimage-container\"><div class='av-masonry-image-container' style=\"background-image: url(https:\/\/www.artisan-petriccioli.fr\/wp-content\/uploads\/2023\/02\/20220915_140238-705x334.jpg);\"  title=\"20220915_140238\" ><\/div><\/div><\/figure><\/a><!--end av-masonry entry--><\/div><\/div><\/div>\n\n<style type=\"text\/css\" data-created_by=\"avia_inline_auto\" id=\"style-css-av-m7t51kwr-918d382012488d8923db647254e20caa\">\n#top .hr.av-m7t51kwr-918d382012488d8923db647254e20caa{\nmargin-top:30px;\nmargin-bottom:30px;\n}\n.hr.av-m7t51kwr-918d382012488d8923db647254e20caa .hr-inner{\nwidth:100%;\nborder-color:#e2e2e2;\n}\n<\/style>\n<div  class='hr av-m7t51kwr-918d382012488d8923db647254e20caa hr-custom  avia-builder-el-3  el_after_av_one_full  el_before_av_one_half  hr-center hr-icon-no'><span class='hr-inner inner-border-av-border-thin'><span class=\"hr-inner-style\"><\/span><\/span><\/div>\n<div class='flex_column_table av-s7kaq-72b4fed65e48b56103bc84dba04d1453 sc-av_one_half av-equal-height-column-flextable'><div  class='flex_column av-s7kaq-72b4fed65e48b56103bc84dba04d1453 av_one_half  avia-builder-el-4  el_after_av_hr  el_before_av_one_half  first flex_column_table_cell av-equal-height-column av-align-middle  '     ><section  class='av_textblock_section av-leok2cu1-36e60b1bbf42c1a34bb3c3b9780b6477 '   itemscope=\"itemscope\" itemtype=\"https:\/\/schema.org\/CreativeWork\" ><div class='avia_textblock'  itemprop=\"text\" ><h3 data-start=\"167\" data-end=\"252\"><strong data-start=\"171\" data-end=\"250\">Pose de Velux \u00e0 Marseille \u2013 Artisan Petriccioli, Expert en Fen\u00eatres de Toit<\/strong><\/h3>\n<p data-start=\"254\" data-end=\"577\">Vous souhaitez apporter plus de lumi\u00e8re naturelle \u00e0 votre int\u00e9rieur tout en am\u00e9liorant l\u2019isolation thermique et phonique de votre habitation ? <strong data-start=\"397\" data-end=\"442\">Petriccioli, artisan couvreur \u00e0 Marseille<\/strong>, vous accompagne dans la pose, le remplacement et l\u2019entretien de vos fen\u00eatres de toit <a href=\"https:\/\/www.velux.fr\/\" target=\"_blank\" rel=\"noopener\"><strong data-start=\"529\" data-end=\"538\">Velux<\/strong><\/a> avec expertise et professionnalisme.<\/p>\n<\/div><\/section><\/div><div class='av-flex-placeholder'><\/div><div  class='flex_column av-bcs5u-a5f1670e6fc9116a5f267a35ca39f440 av_one_half  avia-builder-el-6  el_after_av_one_half  el_before_av_hr  flex_column_table_cell av-equal-height-column av-align-middle  '     ><style type=\"text\/css\" data-created_by=\"avia_inline_auto\" id=\"style-css-av-leok21p8-7db15e77d3eb76f438ccc89ab18c2cd1\">\n.avia-image-container.av-leok21p8-7db15e77d3eb76f438ccc89ab18c2cd1 img.avia_image{\nbox-shadow:none;\n}\n.avia-image-container.av-leok21p8-7db15e77d3eb76f438ccc89ab18c2cd1 .av-image-caption-overlay-center{\ncolor:#ffffff;\n}\n<\/style>\n<div  class='avia-image-container av-leok21p8-7db15e77d3eb76f438ccc89ab18c2cd1 av-styling- avia-align-center  avia-builder-el-7  avia-builder-el-no-sibling '   itemprop=\"image\" itemscope=\"itemscope\" itemtype=\"https:\/\/schema.org\/ImageObject\" ><div class=\"avia-image-container-inner\"><div class=\"avia-image-overlay-wrap\"><img decoding=\"async\" fetchpriority=\"high\" class='wp-image-767 avia-img-lazy-loading-not-767 avia_image ' src=\"https:\/\/www.artisan-petriccioli.fr\/wp-content\/uploads\/2023\/02\/IC-300x204.jpg\" alt='' title='Impression'  height=\"204\" width=\"300\"  itemprop=\"thumbnailUrl\" srcset=\"https:\/\/www.artisan-petriccioli.fr\/wp-content\/uploads\/2023\/02\/IC-300x204.jpg 300w, https:\/\/www.artisan-petriccioli.fr\/wp-content\/uploads\/2023\/02\/IC.jpg 694w\" sizes=\"(max-width: 300px) 100vw, 300px\" \/><\/div><\/div><\/div><\/div><\/div><!--close column table wrapper. Autoclose: 1 --><\/p>\n\n<style type=\"text\/css\" data-created_by=\"avia_inline_auto\" id=\"style-css-av-ft7mi-807e57d5c3898df997f7bb629c16dc2a\">\n#top .hr.av-ft7mi-807e57d5c3898df997f7bb629c16dc2a{\nmargin-top:30px;\nmargin-bottom:30px;\n}\n.hr.av-ft7mi-807e57d5c3898df997f7bb629c16dc2a .hr-inner{\nwidth:100%;\nborder-color:#e2e2e2;\n}\n<\/style>\n<div  class='hr av-ft7mi-807e57d5c3898df997f7bb629c16dc2a hr-custom  avia-builder-el-8  el_after_av_one_half  el_before_av_one_half  hr-center hr-icon-no'><span class='hr-inner inner-border-av-border-thin'><span class=\"hr-inner-style\"><\/span><\/span><\/div>\n<div  class='flex_column av-896ey-5b5074b988e6d1e3e34f21872f3dd599 av_one_half  avia-builder-el-9  el_after_av_hr  el_before_av_one_half  first flex_column_div  '     ><section  class='av_textblock_section av-m7t4y5le-bdc69958a7c7d61fafb38656edad2df4 '   itemscope=\"itemscope\" itemtype=\"https:\/\/schema.org\/CreativeWork\" ><div class='avia_textblock'  itemprop=\"text\" ><h4 data-start=\"579\" data-end=\"634\"><strong data-start=\"584\" data-end=\"632\">Pourquoi choisir une fen\u00eatre de toit Velux ?<\/strong><\/h4>\n<p>Les fen\u00eatres de toit Velux offrent de nombreux avantages pour votre maison :<\/p>\n<ul>\n<li data-start=\"635\" data-end=\"1153\"><strong data-start=\"716\" data-end=\"747\">Apport de lumi\u00e8re naturelle<\/strong> : Transformez vos combles, chambres ou pi\u00e8ces sombres en espaces lumineux et agr\u00e9ables.<\/li>\n<li data-start=\"635\" data-end=\"1153\"><strong data-start=\"840\" data-end=\"865\">Meilleure ventilation<\/strong> : Une a\u00e9ration optimis\u00e9e pour un air int\u00e9rieur plus sain.<\/li>\n<li data-start=\"635\" data-end=\"1153\"><strong data-start=\"928\" data-end=\"951\">Isolation renforc\u00e9e<\/strong> : Des performances thermiques et acoustiques optimales pour un meilleur confort en \u00e9t\u00e9 comme en hiver.<\/li>\n<li data-start=\"635\" data-end=\"1153\"><strong data-start=\"1059\" data-end=\"1089\">Valorisation de votre bien<\/strong> : Un am\u00e9nagement qui apporte un vrai plus \u00e0 votre habitation.<\/li>\n<\/ul>\n<\/div><\/section><\/div>\n<div  class='flex_column av-9a3w2-72de48ff7b577144107353a47b6d0591 av_one_half  avia-builder-el-11  el_after_av_one_half  el_before_av_hr  flex_column_div  '     ><section  class='av_textblock_section av-m7t4yr1u-3a4fbc89607ef8dafdb8470e4dede8e3 '   itemscope=\"itemscope\" itemtype=\"https:\/\/schema.org\/CreativeWork\" ><div class='avia_textblock'  itemprop=\"text\" ><h4 data-start=\"1155\" data-end=\"1207\"><strong data-start=\"1160\" data-end=\"1205\">Votre expert en pose de Velux \u00e0 Marseille<\/strong><\/h4>\n<p data-start=\"1208\" data-end=\"1527\">Fort de son <strong data-start=\"1220\" data-end=\"1263\">savoir-faire en couverture et zinguerie<\/strong>, l\u2019<strong data-start=\"1267\" data-end=\"1290\">artisan Petriccioli<\/strong> vous garantit une installation de Velux soign\u00e9e et conforme aux normes en vigueur. Nous intervenons aussi bien pour une <strong data-start=\"1411\" data-end=\"1433\">installation neuve<\/strong> que pour un <strong data-start=\"1446\" data-end=\"1481\">remplacement de fen\u00eatre de toit<\/strong> en cas d\u2019usure ou de d\u00e9perdition thermique.<\/p>\n<p><strong data-start=\"1532\" data-end=\"1550\">Nos services :<\/strong><\/p>\n<ul>\n<li>Installation de Velux sur toiture en tuile ou en zinc<\/li>\n<li>Remplacement et r\u00e9novation de fen\u00eatres de toit<\/li>\n<li>\u00c9tanch\u00e9it\u00e9 et isolation<\/li>\n<li>Installation de volets roulants Velux (solaires, \u00e9lectriques ou manuels)<\/li>\n<li>Entretien et r\u00e9paration en cas de fuite ou d\u2019infiltration<\/li>\n<\/ul>\n<\/div><\/section><\/div>\n<style type=\"text\/css\" data-created_by=\"avia_inline_auto\" id=\"style-css-av-93j0a-7f31240a0a00f6480725d1f6a24ed137\">\n#top .hr.av-93j0a-7f31240a0a00f6480725d1f6a24ed137{\nmargin-top:30px;\nmargin-bottom:30px;\n}\n.hr.av-93j0a-7f31240a0a00f6480725d1f6a24ed137 .hr-inner{\nwidth:100%;\nborder-color:#e2e2e2;\n}\n<\/style>\n<div  class='hr av-93j0a-7f31240a0a00f6480725d1f6a24ed137 hr-custom  avia-builder-el-13  el_after_av_one_half  el_before_av_one_full  hr-center hr-icon-no'><span class='hr-inner inner-border-av-border-thin'><span class=\"hr-inner-style\"><\/span><\/span><\/div><\/p>\n\n<style type=\"text\/css\" data-created_by=\"avia_inline_auto\" id=\"style-css-av-leok2mp1-6d0accd20f7a8b438f6f8b022b79d734\">\n.flex_column.av-leok2mp1-6d0accd20f7a8b438f6f8b022b79d734{\npadding:3% 3% 3% 3%;\nbackground-color:#f2f2f2;\n}\n<\/style>\n<div  class='flex_column av-leok2mp1-6d0accd20f7a8b438f6f8b022b79d734 av_one_full  avia-builder-el-14  el_after_av_hr  el_before_av_heading  first flex_column_div  '     ><section  class='av_textblock_section av-144roq-f3e4f19b7170917eaf4b1534659c8425 '   itemscope=\"itemscope\" itemtype=\"https:\/\/schema.org\/CreativeWork\" ><div class='avia_textblock'  itemprop=\"text\" ><div id=\"bloc-primary\">\n<div class=\"couvreur-society\">\n<h4 data-start=\"1845\" data-end=\"1903\"><strong data-start=\"1850\" data-end=\"1901\">Quel type de Velux choisir pour votre toiture ?<\/strong><\/h4>\n<p data-start=\"1904\" data-end=\"2046\">Selon l\u2019<strong data-start=\"1912\" data-end=\"1941\">inclinaison de votre toit<\/strong>, l\u2019<strong data-start=\"1945\" data-end=\"1966\">espace disponible<\/strong> et vos besoins en isolation, nous vous conseillons le mod\u00e8le le plus adapt\u00e9 :<\/p>\n<ul data-start=\"2047\" data-end=\"2303\">\n<li data-start=\"2047\" data-end=\"2102\"><strong data-start=\"2049\" data-end=\"2067\">Standard<\/strong> pour un bon rapport qualit\u00e9-prix<\/li>\n<li data-start=\"2103\" data-end=\"2163\"><strong data-start=\"2105\" data-end=\"2127\">Tout confort<\/strong> avec un vitrage haute performance<\/li>\n<li data-start=\"2164\" data-end=\"2220\"><strong data-start=\"2166\" data-end=\"2195\">Motoris\u00e9 ou solaire<\/strong> pour un usage facilit\u00e9<\/li>\n<li data-start=\"2221\" data-end=\"2303\"><strong data-start=\"2223\" data-end=\"2270\">Avec ouverture lat\u00e9rale ou projection<\/strong> selon l\u2019angle de votre toiture<\/li>\n<\/ul>\n<\/div>\n<\/div>\n<div id=\"bloc-third\">\n<div class=\"row bloc-detail\">\n<div class=\"col-sm-8 col-xs-12\"><\/div>\n<\/div>\n<\/div>\n<\/div><\/section><\/div>\n<style type=\"text\/css\" data-created_by=\"avia_inline_auto\" id=\"style-css-av-ansgy-e269c4d00737a98670ed6b3589dc5135\">\n#top .av-special-heading.av-ansgy-e269c4d00737a98670ed6b3589dc5135{\npadding-bottom:10px;\n}\nbody .av-special-heading.av-ansgy-e269c4d00737a98670ed6b3589dc5135 .av-special-heading-tag .heading-char{\nfont-size:25px;\n}\n.av-special-heading.av-ansgy-e269c4d00737a98670ed6b3589dc5135 .av-subheading{\nfont-size:15px;\n}\n<\/style>\n<div  class='av-special-heading av-ansgy-e269c4d00737a98670ed6b3589dc5135 av-special-heading-h3 blockquote modern-quote  avia-builder-el-16  el_after_av_one_full  el_before_av_slideshow '><h3 class='av-special-heading-tag '  itemprop=\"headline\"  >Quelques r\u00e9alisations<\/h3><div class=\"special-heading-border\"><div class=\"special-heading-inner-border\"><\/div><\/div><\/div><\/p>\n<div  class='avia-slideshow av-qek0q-750ae34785320e280146d30cf9b83573 avia-slideshow-featured av_slideshow avia-slide-slider  avia-builder-el-17  el_after_av_heading  el_before_av_one_full  av-slideshow-ui av-control-default av-slideshow-manual av-loop-once av-loop-manual-endless av-default-height-applied avia-slideshow-2' data-slideshow-options=\"{&quot;animation&quot;:&quot;slide&quot;,&quot;autoplay&quot;:false,&quot;loop_autoplay&quot;:&quot;once&quot;,&quot;interval&quot;:5,&quot;loop_manual&quot;:&quot;manual-endless&quot;,&quot;autoplay_stopper&quot;:false,&quot;noNavigation&quot;:false,&quot;bg_slider&quot;:false,&quot;keep_padding&quot;:false,&quot;hoverpause&quot;:false,&quot;show_slide_delay&quot;:0}\"  itemprop=\"image\" itemscope=\"itemscope\" itemtype=\"https:\/\/schema.org\/ImageObject\" ><ul class='avia-slideshow-inner ' style='padding-bottom: 28.666666666667%;'><li  class='avia-slideshow-slide av-qek0q-750ae34785320e280146d30cf9b83573__0  slide-1 slide-odd'><div data-rel='slideshow-2' class='avia-slide-wrap '   ><img decoding=\"async\" fetchpriority=\"high\" class=\"wp-image-156 avia-img-lazy-loading-not-156\"  src=\"https:\/\/www.artisan-petriccioli.fr\/wp-content\/uploads\/2017\/02\/20170207_133007-1500x430.jpg\" width=\"1500\" height=\"430\" title='20170207_133007' alt=''  itemprop=\"thumbnailUrl\"   \/><\/div><\/li><li  class='avia-slideshow-slide av-qek0q-750ae34785320e280146d30cf9b83573__1  slide-2 slide-even'><div data-rel='slideshow-2' class='avia-slide-wrap '   ><img decoding=\"async\" fetchpriority=\"high\" class=\"wp-image-155 avia-img-lazy-loading-not-155\"  src=\"https:\/\/www.artisan-petriccioli.fr\/wp-content\/uploads\/2017\/02\/20170207_103025-1500x430.jpg\" width=\"1500\" height=\"430\" title='20170207_103025' alt=''  itemprop=\"thumbnailUrl\"   \/><\/div><\/li><li  class='avia-slideshow-slide av-qek0q-750ae34785320e280146d30cf9b83573__2  slide-3 slide-odd'><div data-rel='slideshow-2' class='avia-slide-wrap '   ><img decoding=\"async\" fetchpriority=\"high\" class=\"wp-image-205 avia-img-lazy-loading-not-205\"  src=\"https:\/\/www.artisan-petriccioli.fr\/wp-content\/uploads\/2017\/02\/La-pose-dun-velux-1427x430.jpg\" width=\"1427\" height=\"430\" title='Operaio su un tetto' alt=''  itemprop=\"thumbnailUrl\"   \/><\/div><\/li><\/ul><div class='avia-slideshow-arrows avia-slideshow-controls' ><a href='#prev' class='prev-slide  avia-svg-icon avia-font-svg_entypo-fontello' data-av_svg_icon='left-open-big' data-av_iconset='svg_entypo-fontello' tabindex='-1' title=\"Pr\u00e9c\u00e9dent\"><svg version=\"1.1\" xmlns=\"http:\/\/www.w3.org\/2000\/svg\" width=\"15\" height=\"32\" viewBox=\"0 0 15 32\" preserveAspectRatio=\"xMidYMid meet\" aria-labelledby='av-svg-title-1' aria-describedby='av-svg-desc-1' role=\"graphics-symbol\" aria-hidden=\"true\">\n<title id='av-svg-title-1'>Pr\u00e9c\u00e9dent<\/title>\n<desc id='av-svg-desc-1'>Pr\u00e9c\u00e9dent<\/desc>\n<path d=\"M14.464 27.84q0.832 0.832 0 1.536-0.832 0.832-1.536 0l-12.544-12.608q-0.768-0.768 0-1.6l12.544-12.608q0.704-0.832 1.536 0 0.832 0.704 0 1.536l-11.456 11.904z\"><\/path>\n<\/svg><span class='avia_hidden_link_text'>Pr\u00e9c\u00e9dent<\/span><\/a><a href='#next' class='next-slide  avia-svg-icon avia-font-svg_entypo-fontello' data-av_svg_icon='right-open-big' data-av_iconset='svg_entypo-fontello' tabindex='-1' title=\"Suivant\"><svg version=\"1.1\" xmlns=\"http:\/\/www.w3.org\/2000\/svg\" width=\"15\" height=\"32\" viewBox=\"0 0 15 32\" preserveAspectRatio=\"xMidYMid meet\" aria-labelledby='av-svg-title-2' aria-describedby='av-svg-desc-2' role=\"graphics-symbol\" aria-hidden=\"true\">\n<title id='av-svg-title-2'>Suivant<\/title>\n<desc id='av-svg-desc-2'>Suivant<\/desc>\n<path d=\"M0.416 27.84l11.456-11.84-11.456-11.904q-0.832-0.832 0-1.536 0.832-0.832 1.536 0l12.544 12.608q0.768 0.832 0 1.6l-12.544 12.608q-0.704 0.832-1.536 0-0.832-0.704 0-1.536z\"><\/path>\n<\/svg><span class='avia_hidden_link_text'>Suivant<\/span><\/a><\/div><div class='avia-slideshow-dots avia-slideshow-controls'><a href='#1' class='goto-slide active' >1<\/a><a href='#2' class='goto-slide ' >2<\/a><a href='#3' class='goto-slide ' >3<\/a><\/div><\/div>\n\n<style type=\"text\/css\" data-created_by=\"avia_inline_auto\" id=\"style-css-av-htule-044237b4d155e88be8b641c5cbae941f\">\n.flex_column.av-htule-044237b4d155e88be8b641c5cbae941f{\npadding:3% 3% 3% 3%;\nbackground-color:#f2f2f2;\n}\n<\/style>\n<div  class='flex_column av-htule-044237b4d155e88be8b641c5cbae941f av_one_full  avia-builder-el-18  el_after_av_slideshow  el_before_av_one_full  first flex_column_div  '     ><section  class='av_textblock_section av-m7t4zlcl-8ada1d995636bddb6e08de726063b625 '   itemscope=\"itemscope\" itemtype=\"https:\/\/schema.org\/CreativeWork\" ><div class='avia_textblock'  itemprop=\"text\" ><div id=\"bloc-primary\">\n<div class=\"couvreur-society\">\n<h4 data-start=\"2305\" data-end=\"2367\"><strong data-start=\"2310\" data-end=\"2365\">Une pose de Velux respectant les normes \u00e0 Marseille<\/strong><\/h4>\n<p data-start=\"2368\" data-end=\"2635\">La pose n\u00e9cessite une <strong data-start=\"2401\" data-end=\"2437\">d\u00e9claration pr\u00e9alable de travaux<\/strong> aupr\u00e8s de votre mairie, surtout en secteur class\u00e9. <strong data-start=\"2489\" data-end=\"2550\">Nous vous accompagnons dans ces d\u00e9marches administratives<\/strong> afin d\u2019assurer la conformit\u00e9 de votre projet avec le Plan Local d\u2019Urbanisme (PLU).<\/p>\n<h4 data-start=\"2637\" data-end=\"2692\"><strong data-start=\"2642\" data-end=\"2690\">Pourquoi faire appel \u00e0 Artisan Petriccioli ?<\/strong><\/h4>\n<ul>\n<li data-start=\"2693\" data-end=\"2902\"><strong data-start=\"2695\" data-end=\"2727\">Artisan couvreur exp\u00e9riment\u00e9<\/strong> \u00e0 Marseille<\/li>\n<li data-start=\"2693\" data-end=\"2902\"><strong data-start=\"2744\" data-end=\"2777\">Devis gratuit et personnalis\u00e9<\/strong> sous 48h<\/li>\n<li data-start=\"2693\" data-end=\"2902\"><strong data-start=\"2791\" data-end=\"2836\">Intervention rapide et garantie d\u00e9cennale<\/strong><\/li>\n<li data-start=\"2693\" data-end=\"2902\"><strong data-start=\"2841\" data-end=\"2900\">Mat\u00e9riaux de qualit\u00e9 et respect des normes d\u2019\u00e9tanch\u00e9it\u00e9<\/strong><\/li>\n<\/ul>\n<p data-start=\"2904\" data-end=\"3018\"><strong data-start=\"2907\" data-end=\"2932\">Zone d\u2019intervention :<\/strong> Marseille et ses alentours (Aubagne, Allauch, La Ciotat, Cassis, Aix-en-Provence\u2026).<\/p>\n<\/div>\n<\/div>\n<div id=\"bloc-third\">\n<div class=\"row bloc-detail\">\n<div class=\"col-sm-8 col-xs-12\"><\/div>\n<\/div>\n<\/div>\n<\/div><\/section><\/div>\n<style type=\"text\/css\" data-created_by=\"avia_inline_auto\" id=\"style-css-av-8wwky-3ce7d5d1189af55640b91442faf8f345\">\n.flex_column.av-8wwky-3ce7d5d1189af55640b91442faf8f345{\nborder-width:1px;\nborder-color:#eaeaea;\nborder-style:solid;\nborder-radius:15px 15px 15px 15px;\npadding:3% 3% 3% 3%;\n}\n<\/style>\n<div  class='flex_column av-8wwky-3ce7d5d1189af55640b91442faf8f345 av_one_full  avia-builder-el-20  el_after_av_one_full  avia-builder-el-last  first flex_column_div  column-top-margin'     ><section  class='av_textblock_section av-m7t50co9-8524f4ddb46f4eeb57c03c0b3cff41ea '   itemscope=\"itemscope\" itemtype=\"https:\/\/schema.org\/CreativeWork\" ><div class='avia_textblock'  itemprop=\"text\" ><div id=\"bloc-primary\">\n<div class=\"couvreur-society\">\n<h4 style=\"text-align: center;\" data-start=\"3020\" data-end=\"3087\"><strong data-start=\"3025\" data-end=\"3085\">Demandez votre devis pour la pose d\u2019un Velux \u00e0 Marseille<\/strong><\/h4>\n<p style=\"text-align: center;\" data-start=\"3088\" data-end=\"3368\">Vous envisagez l\u2019installation ou le remplacement \u00e0 Marseille ? <strong data-start=\"3162\" data-end=\"3196\">Contactez-nous d\u00e8s aujourd\u2019hui<\/strong> pour obtenir un <strong data-start=\"3213\" data-end=\"3249\">devis gratuit et sans engagement<\/strong>. Nous nous ferons un plaisir de vous accompagner dans votre projet d\u2019am\u00e9nagement et d\u2019am\u00e9lioration de votre habitat.<\/p>\n<p style=\"text-align: center;\" data-start=\"3370\" data-end=\"3472\"><strong data-start=\"3372\" data-end=\"3400\">Appelez-nous au <a href=\"tel:0621115511\">06.21.11.55.11<\/a><\/strong>\u00a0ou <a href=\"https:\/\/www.artisan-petriccioli.fr\/contact\/\"><strong data-start=\"3404\" data-end=\"3444\">remplissez notre formulaire en ligne<\/strong><\/a> pour une r\u00e9ponse rapide !<\/p>\n<\/div>\n<\/div>\n<div id=\"bloc-third\" style=\"text-align: center;\">\n<div class=\"row bloc-detail\">\n<div class=\"col-sm-8 col-xs-12\"><\/div>\n<\/div>\n<\/div>\n<\/div><\/section><\/div><\/p>\n","protected":false},"excerpt":{"rendered":"","protected":false},"author":1,"featured_media":0,"parent":17,"menu_order":0,"comment_status":"closed","ping_status":"closed","template":"","meta":{"footnotes":""},"class_list":["post-146","page","type-page","status-publish","hentry"],"yoast_head":"<!-- This site is optimized with the Yoast SEO plugin v27.3 - https:\/\/yoast.com\/product\/yoast-seo-wordpress\/ -->\n<title>Pose de Velux \u00e0 Marseille | Artisan Couvreur Petriccioli<\/title>\n<meta name=\"description\" content=\"Besoin d\u2019installer un Velux \u00e0 Marseille ? Faites appel \u00e0 l\u2019artisan couvreur Petriccioli, sp\u00e9cialiste en pose et remplacement ..\" \/>\n<meta name=\"robots\" content=\"index, follow, max-snippet:-1, max-image-preview:large, max-video-preview:-1\" \/>\n<link rel=\"canonical\" href=\"https:\/\/www.artisan-petriccioli.fr\/artisan-couvreur-marseille\/pose-de-velux-marseille\/\" \/>\n<meta property=\"og:locale\" content=\"fr_FR\" \/>\n<meta property=\"og:type\" content=\"article\" \/>\n<meta property=\"og:title\" content=\"Pose de Velux \u00e0 Marseille | Artisan Couvreur Petriccioli\" \/>\n<meta property=\"og:description\" content=\"Besoin d\u2019installer un Velux \u00e0 Marseille ? Faites appel \u00e0 l\u2019artisan couvreur Petriccioli, sp\u00e9cialiste en pose et remplacement ..\" \/>\n<meta property=\"og:url\" content=\"https:\/\/www.artisan-petriccioli.fr\/artisan-couvreur-marseille\/pose-de-velux-marseille\/\" \/>\n<meta property=\"og:site_name\" content=\"Artisan Petriccioli\" \/>\n<meta property=\"article:publisher\" content=\"https:\/\/www.facebook.com\/artisan.couvreur.Petriccioli\" \/>\n<meta property=\"article:modified_time\" content=\"2025-03-03T14:27:50+00:00\" \/>\n<meta name=\"twitter:card\" content=\"summary_large_image\" \/>\n<meta name=\"twitter:label1\" content=\"Dur\u00e9e de lecture estim\u00e9e\" \/>\n\t<meta name=\"twitter:data1\" content=\"4 minutes\" \/>\n<script type=\"application\/ld+json\" class=\"yoast-schema-graph\">{\"@context\":\"https:\\\/\\\/schema.org\",\"@graph\":[{\"@type\":\"WebPage\",\"@id\":\"https:\\\/\\\/www.artisan-petriccioli.fr\\\/artisan-couvreur-marseille\\\/pose-de-velux-marseille\\\/\",\"url\":\"https:\\\/\\\/www.artisan-petriccioli.fr\\\/artisan-couvreur-marseille\\\/pose-de-velux-marseille\\\/\",\"name\":\"Pose de Velux \u00e0 Marseille | Artisan Couvreur Petriccioli\",\"isPartOf\":{\"@id\":\"https:\\\/\\\/www.artisan-petriccioli.fr\\\/#website\"},\"datePublished\":\"2017-02-26T22:39:10+00:00\",\"dateModified\":\"2025-03-03T14:27:50+00:00\",\"description\":\"Besoin d\u2019installer un Velux \u00e0 Marseille ? Faites appel \u00e0 l\u2019artisan couvreur Petriccioli, sp\u00e9cialiste en pose et remplacement ..\",\"breadcrumb\":{\"@id\":\"https:\\\/\\\/www.artisan-petriccioli.fr\\\/artisan-couvreur-marseille\\\/pose-de-velux-marseille\\\/#breadcrumb\"},\"inLanguage\":\"fr-FR\",\"potentialAction\":[{\"@type\":\"ReadAction\",\"target\":[\"https:\\\/\\\/www.artisan-petriccioli.fr\\\/artisan-couvreur-marseille\\\/pose-de-velux-marseille\\\/\"]}]},{\"@type\":\"BreadcrumbList\",\"@id\":\"https:\\\/\\\/www.artisan-petriccioli.fr\\\/artisan-couvreur-marseille\\\/pose-de-velux-marseille\\\/#breadcrumb\",\"itemListElement\":[{\"@type\":\"ListItem\",\"position\":1,\"name\":\"Accueil\",\"item\":\"https:\\\/\\\/www.artisan-petriccioli.fr\\\/artisan-couvreur-marseille\\\/\"},{\"@type\":\"ListItem\",\"position\":2,\"name\":\"Accueil\",\"item\":\"https:\\\/\\\/www.artisan-petriccioli.fr\\\/artisan-couvreur-marseille\\\/\"},{\"@type\":\"ListItem\",\"position\":3,\"name\":\"POSE DE VELUX\"}]},{\"@type\":\"WebSite\",\"@id\":\"https:\\\/\\\/www.artisan-petriccioli.fr\\\/#website\",\"url\":\"https:\\\/\\\/www.artisan-petriccioli.fr\\\/\",\"name\":\"Artisan Petriccioli\",\"description\":\"Artisan Couvreur 13\",\"publisher\":{\"@id\":\"https:\\\/\\\/www.artisan-petriccioli.fr\\\/#organization\"},\"potentialAction\":[{\"@type\":\"SearchAction\",\"target\":{\"@type\":\"EntryPoint\",\"urlTemplate\":\"https:\\\/\\\/www.artisan-petriccioli.fr\\\/?s={search_term_string}\"},\"query-input\":{\"@type\":\"PropertyValueSpecification\",\"valueRequired\":true,\"valueName\":\"search_term_string\"}}],\"inLanguage\":\"fr-FR\"},{\"@type\":\"Organization\",\"@id\":\"https:\\\/\\\/www.artisan-petriccioli.fr\\\/#organization\",\"name\":\"Artisan Petriccioli\",\"url\":\"https:\\\/\\\/www.artisan-petriccioli.fr\\\/\",\"logo\":{\"@type\":\"ImageObject\",\"inLanguage\":\"fr-FR\",\"@id\":\"https:\\\/\\\/www.artisan-petriccioli.fr\\\/#\\\/schema\\\/logo\\\/image\\\/\",\"url\":\"https:\\\/\\\/www.artisan-petriccioli.fr\\\/wp-content\\\/uploads\\\/2017\\\/03\\\/artisan.png\",\"contentUrl\":\"https:\\\/\\\/www.artisan-petriccioli.fr\\\/wp-content\\\/uploads\\\/2017\\\/03\\\/artisan.png\",\"width\":464,\"height\":325,\"caption\":\"Artisan Petriccioli\"},\"image\":{\"@id\":\"https:\\\/\\\/www.artisan-petriccioli.fr\\\/#\\\/schema\\\/logo\\\/image\\\/\"},\"sameAs\":[\"https:\\\/\\\/www.facebook.com\\\/artisan.couvreur.Petriccioli\"]}]}<\/script>\n<!-- \/ Yoast SEO plugin. -->","yoast_head_json":{"title":"Pose de Velux \u00e0 Marseille | Artisan Couvreur Petriccioli","description":"Besoin d\u2019installer un Velux \u00e0 Marseille ? Faites appel \u00e0 l\u2019artisan couvreur Petriccioli, sp\u00e9cialiste en pose et remplacement ..","robots":{"index":"index","follow":"follow","max-snippet":"max-snippet:-1","max-image-preview":"max-image-preview:large","max-video-preview":"max-video-preview:-1"},"canonical":"https:\/\/www.artisan-petriccioli.fr\/artisan-couvreur-marseille\/pose-de-velux-marseille\/","og_locale":"fr_FR","og_type":"article","og_title":"Pose de Velux \u00e0 Marseille | Artisan Couvreur Petriccioli","og_description":"Besoin d\u2019installer un Velux \u00e0 Marseille ? Faites appel \u00e0 l\u2019artisan couvreur Petriccioli, sp\u00e9cialiste en pose et remplacement ..","og_url":"https:\/\/www.artisan-petriccioli.fr\/artisan-couvreur-marseille\/pose-de-velux-marseille\/","og_site_name":"Artisan Petriccioli","article_publisher":"https:\/\/www.facebook.com\/artisan.couvreur.Petriccioli","article_modified_time":"2025-03-03T14:27:50+00:00","twitter_card":"summary_large_image","twitter_misc":{"Dur\u00e9e de lecture estim\u00e9e":"4 minutes"},"schema":{"@context":"https:\/\/schema.org","@graph":[{"@type":"WebPage","@id":"https:\/\/www.artisan-petriccioli.fr\/artisan-couvreur-marseille\/pose-de-velux-marseille\/","url":"https:\/\/www.artisan-petriccioli.fr\/artisan-couvreur-marseille\/pose-de-velux-marseille\/","name":"Pose de Velux \u00e0 Marseille | Artisan Couvreur Petriccioli","isPartOf":{"@id":"https:\/\/www.artisan-petriccioli.fr\/#website"},"datePublished":"2017-02-26T22:39:10+00:00","dateModified":"2025-03-03T14:27:50+00:00","description":"Besoin d\u2019installer un Velux \u00e0 Marseille ? Faites appel \u00e0 l\u2019artisan couvreur Petriccioli, sp\u00e9cialiste en pose et remplacement ..","breadcrumb":{"@id":"https:\/\/www.artisan-petriccioli.fr\/artisan-couvreur-marseille\/pose-de-velux-marseille\/#breadcrumb"},"inLanguage":"fr-FR","potentialAction":[{"@type":"ReadAction","target":["https:\/\/www.artisan-petriccioli.fr\/artisan-couvreur-marseille\/pose-de-velux-marseille\/"]}]},{"@type":"BreadcrumbList","@id":"https:\/\/www.artisan-petriccioli.fr\/artisan-couvreur-marseille\/pose-de-velux-marseille\/#breadcrumb","itemListElement":[{"@type":"ListItem","position":1,"name":"Accueil","item":"https:\/\/www.artisan-petriccioli.fr\/artisan-couvreur-marseille\/"},{"@type":"ListItem","position":2,"name":"Accueil","item":"https:\/\/www.artisan-petriccioli.fr\/artisan-couvreur-marseille\/"},{"@type":"ListItem","position":3,"name":"POSE DE VELUX"}]},{"@type":"WebSite","@id":"https:\/\/www.artisan-petriccioli.fr\/#website","url":"https:\/\/www.artisan-petriccioli.fr\/","name":"Artisan Petriccioli","description":"Artisan Couvreur 13","publisher":{"@id":"https:\/\/www.artisan-petriccioli.fr\/#organization"},"potentialAction":[{"@type":"SearchAction","target":{"@type":"EntryPoint","urlTemplate":"https:\/\/www.artisan-petriccioli.fr\/?s={search_term_string}"},"query-input":{"@type":"PropertyValueSpecification","valueRequired":true,"valueName":"search_term_string"}}],"inLanguage":"fr-FR"},{"@type":"Organization","@id":"https:\/\/www.artisan-petriccioli.fr\/#organization","name":"Artisan Petriccioli","url":"https:\/\/www.artisan-petriccioli.fr\/","logo":{"@type":"ImageObject","inLanguage":"fr-FR","@id":"https:\/\/www.artisan-petriccioli.fr\/#\/schema\/logo\/image\/","url":"https:\/\/www.artisan-petriccioli.fr\/wp-content\/uploads\/2017\/03\/artisan.png","contentUrl":"https:\/\/www.artisan-petriccioli.fr\/wp-content\/uploads\/2017\/03\/artisan.png","width":464,"height":325,"caption":"Artisan Petriccioli"},"image":{"@id":"https:\/\/www.artisan-petriccioli.fr\/#\/schema\/logo\/image\/"},"sameAs":["https:\/\/www.facebook.com\/artisan.couvreur.Petriccioli"]}]}},"_links":{"self":[{"href":"https:\/\/www.artisan-petriccioli.fr\/api\/wp\/v2\/pages\/146","targetHints":{"allow":["GET"]}}],"collection":[{"href":"https:\/\/www.artisan-petriccioli.fr\/api\/wp\/v2\/pages"}],"about":[{"href":"https:\/\/www.artisan-petriccioli.fr\/api\/wp\/v2\/types\/page"}],"author":[{"embeddable":true,"href":"https:\/\/www.artisan-petriccioli.fr\/api\/wp\/v2\/users\/1"}],"replies":[{"embeddable":true,"href":"https:\/\/www.artisan-petriccioli.fr\/api\/wp\/v2\/comments?post=146"}],"version-history":[{"count":0,"href":"https:\/\/www.artisan-petriccioli.fr\/api\/wp\/v2\/pages\/146\/revisions"}],"up":[{"embeddable":true,"href":"https:\/\/www.artisan-petriccioli.fr\/api\/wp\/v2\/pages\/17"}],"wp:attachment":[{"href":"https:\/\/www.artisan-petriccioli.fr\/api\/wp\/v2\/media?parent=146"}],"curies":[{"name":"wp","href":"https:\/\/api.w.org\/{rel}","templated":true}]}}